{"version":"1.0","provider_name":"Patricia Pagny","provider_url":"https:\/\/patriciapagny.com\/ru\/","author_name":"Patricia","author_url":"https:\/\/patriciapagny.com\/ru\/author\/philgc\/","title":"JOHANNES BRAHMS \u2013 the complete works for piano and cello - Patricia Pagny","type":"rich","width":600,"height":338,"html":"<blockquote class=\"wp-embedded-content\" data-secret=\"7nw9fEnj9w\"><a href=\"https:\/\/patriciapagny.com\/ru\/discography\/brahms-the-complete-works-for-piano-and-cello\/\">JOHANNES BRAHMS \u2013 the complete works for piano and cello<\/a><\/blockquote><iframe sandbox=\"allow-scripts\" security=\"restricted\" src=\"https:\/\/patriciapagny.com\/ru\/discography\/brahms-the-complete-works-for-piano-and-cello\/embed\/#?secret=7nw9fEnj9w\" width=\"600\" height=\"338\" title=\"&#8220;JOHANNES BRAHMS \u2013 the complete works for piano and cello&#8221; &#8212; Patricia Pagny\" data-secret=\"7nw9fEnj9w\" frameborder=\"0\" marginwidth=\"0\" marginheight=\"0\" scrolling=\"no\" class=\"wp-embedded-content\"><\/iframe><script type=\"text\/javascript\">\n\/* <![CDATA[ *\/\n\/*! This file is auto-generated *\/\n!function(d,l){\"use strict\";l.querySelector&&d.addEventListener&&\"undefined\"!=typeof URL&&(d.wp=d.wp||{},d.wp.receiveEmbedMessage||(d.wp.receiveEmbedMessage=function(e){var t=e.data;if((t||t.secret||t.message||t.value)&&!\/[^a-zA-Z0-9]\/.test(t.secret)){for(var s,r,n,a=l.querySelectorAll('iframe[data-secret=\"'+t.secret+'\"]'),o=l.querySelectorAll('blockquote[data-secret=\"'+t.secret+'\"]'),c=new RegExp(\"^https?:$\",\"i\"),i=0;i<o.length;i++)o[i].style.display=\"none\";for(i=0;i<a.length;i++)s=a[i],e.source===s.contentWindow&&(s.removeAttribute(\"style\"),\"height\"===t.message?(1e3<(r=parseInt(t.value,10))?r=1e3:~~r<200&&(r=200),s.height=r):\"link\"===t.message&&(r=new URL(s.getAttribute(\"src\")),n=new URL(t.value),c.test(n.protocol))&&n.host===r.host&&l.activeElement===s&&(d.top.location.href=t.value))}},d.addEventListener(\"message\",d.wp.receiveEmbedMessage,!1),l.addEventListener(\"DOMContentLoaded\",function(){for(var e,t,s=l.querySelectorAll(\"iframe.wp-embedded-content\"),r=0;r<s.length;r++)(t=(e=s[r]).getAttribute(\"data-secret\"))||(t=Math.random().toString(36).substring(2,12),e.src+=\"#?secret=\"+t,e.setAttribute(\"data-secret\",t)),e.contentWindow.postMessage({message:\"ready\",secret:t},\"*\")},!1)))}(window,document);\n\/\/# sourceURL=https:\/\/patriciapagny.com\/wp-includes\/js\/wp-embed.min.js\n\/* ]]> *\/\n<\/script>\n","thumbnail_url":"https:\/\/patriciapagny.com\/wp-content\/uploads\/2017\/11\/15-Brahms.jpg","thumbnail_width":741,"thumbnail_height":741,"description":"PRESS REVIEW &nbsp; Live in concert &#8211; with the cooperation of YAMAHA \u00ab \u2026 Les interpr\u00e8tes abordent ce r\u00e9pertoire de fa\u00e7on tr\u00e8s vivante, alliant \u00e0 la fois pr\u00e9cision et infinie po\u00e9sie, intensit\u00e9 des sentiments et ma\u00eetrise expressive des timbres. En \u00e9vitant le \u00ab pathos \u00bb, ils nous d\u00e9voilent un Brahms plus intime, cet homme entre deux mondes, conscient de la pr\u00e9carit\u00e9 de toute r\u00e9alisation humaine mais aspirant \u00e0 la s\u00e9r\u00e9nit\u00e9. Dans cette optique, l&#8217;\u00e9coute de cet enregistrement nous communique un [&hellip;]"}